{"id":12869,"date":"2022-03-27T17:11:00","date_gmt":"2022-03-27T15:11:00","guid":{"rendered":"http:\/\/groupe-hadjeb.com\/?page_id=12869"},"modified":"2022-05-24T16:33:51","modified_gmt":"2022-05-24T14:33:51","slug":"offres-demploi","status":"publish","type":"page","link":"http:\/\/groupe-hadjeb.com\/en\/offres-demploi\/","title":{"rendered":"Offres d&#8217;emploi"},"content":{"rendered":"<div data-elementor-type=\"wp-post\" data-elementor-id=\"12869\" class=\"elementor elementor-12869\" data-elementor-settings=\"[]\">\n\t\t\t\t\t\t\t<div class=\"elementor-section-wrap\">\n\t\t\t\t\t\t\t<section class=\"elementor-section elementor-top-section elementor-element elementor-element-6962e2f0 elementor-section-stretched elementor-section-boxed elementor-section-height-default elementor-section-height-default\" data-id=\"6962e2f0\" data-element_type=\"section\" data-settings=\"{&quot;stretch_section&quot;:&quot;section-stretched&quot;,&quot;background_background&quot;:&quot;classic&quot;,&quot;shape_divider_bottom&quot;:&quot;triangle&quot;,&quot;shape_divider_bottom_negative&quot;:&quot;yes&quot;}\">\n\t\t\t\t\t\t\t<div class=\"elementor-background-overlay\"><\/div>\n\t\t\t\t\t\t<div class=\"elementor-shape elementor-shape-bottom\" data-negative=\"true\">\n\t\t\t<svg xmlns=\"http:\/\/www.w3.org\/2000\/svg\" viewbox=\"0 0 1000 100\" preserveaspectratio=\"none\">\n\t<path class=\"elementor-shape-fill\" d=\"M500.2,94.7L0,0v100h1000V0L500.2,94.7z\"\/>\n<\/svg>\t\t<\/div>\n\t\t\t\t\t<div class=\"elementor-container elementor-column-gap-default\">\n\t\t\t\t\t<div class=\"elementor-column elementor-col-100 elementor-top-column elementor-element elementor-element-513d0c2\" data-id=\"513d0c2\" data-element_type=\"column\">\n\t\t\t<div class=\"elementor-widget-wrap elementor-element-populated\">\n\t\t\t\t\t\t\t\t<div class=\"elementor-element elementor-element-15cdacec elementor-widget elementor-widget-heading\" data-id=\"15cdacec\" data-element_type=\"widget\" data-widget_type=\"heading.default\">\n\t\t\t\t<div class=\"elementor-widget-container\">\n\t\t\t<style>\/*! elementor - v3.5.6 - 28-02-2022 *\/\n.elementor-heading-title{padding:0;margin:0;line-height:1}.elementor-widget-heading .elementor-heading-title[class*=elementor-size-]>a{color:inherit;font-size:inherit;line-height:inherit}.elementor-widget-heading .elementor-heading-title.elementor-size-small{font-size:15px}.elementor-widget-heading .elementor-heading-title.elementor-size-medium{font-size:19px}.elementor-widget-heading .elementor-heading-title.elementor-size-large{font-size:29px}.elementor-widget-heading .elementor-heading-title.elementor-size-xl{font-size:39px}.elementor-widget-heading .elementor-heading-title.elementor-size-xxl{font-size:59px}<\/style><h2 class=\"elementor-heading-title elementor-size-default\">Job offers<\/h2>\t\t<\/div>\n\t\t\t\t<\/div>\n\t\t\t\t\t<\/div>\n\t\t<\/div>\n\t\t\t\t\t\t\t<\/div>\n\t\t<\/section>\n\t\t\t\t<section class=\"elementor-section elementor-top-section elementor-element elementor-element-46114d7 elementor-section-boxed elementor-section-height-default elementor-section-height-default\" data-id=\"46114d7\" data-element_type=\"section\">\n\t\t\t\t\t\t<div class=\"elementor-container elementor-column-gap-default\">\n\t\t\t\t\t<div class=\"elementor-column elementor-col-100 elementor-top-column elementor-element elementor-element-2188571\" data-id=\"2188571\" data-element_type=\"column\">\n\t\t\t<div class=\"elementor-widget-wrap elementor-element-populated\">\n\t\t\t\t\t\t\t\t<div class=\"elementor-element elementor-element-48b02da elementor-widget elementor-widget-spacer\" data-id=\"48b02da\" data-element_type=\"widget\" data-widget_type=\"spacer.default\">\n\t\t\t\t<div class=\"elementor-widget-container\">\n\t\t\t\t\t<div class=\"elementor-spacer\">\n\t\t\t<div class=\"elementor-spacer-inner\"><\/div>\n\t\t<\/div>\n\t\t\t\t<\/div>\n\t\t\t\t<\/div>\n\t\t\t\t\t<\/div>\n\t\t<\/div>\n\t\t\t\t\t\t\t<\/div>\n\t\t<\/section>\n\t\t\t\t<section class=\"elementor-section elementor-top-section elementor-element elementor-element-c44e78f elementor-section-boxed elementor-section-height-default elementor-section-height-default\" data-id=\"c44e78f\" data-element_type=\"section\">\n\t\t\t\t\t\t<div class=\"elementor-container elementor-column-gap-default\">\n\t\t\t\t\t<div class=\"elementor-column elementor-col-100 elementor-top-column elementor-element elementor-element-a87b386\" data-id=\"a87b386\" data-element_type=\"column\">\n\t\t\t<div class=\"elementor-widget-wrap elementor-element-populated\">\n\t\t\t\t\t\t\t\t<div class=\"elementor-element elementor-element-650b8ba elementor-widget elementor-widget-heading\" data-id=\"650b8ba\" data-element_type=\"widget\" data-widget_type=\"heading.default\">\n\t\t\t\t<div class=\"elementor-widget-container\">\n\t\t\t<h4 class=\"elementor-heading-title elementor-size-default\">HR policy<\/h4>\t\t<\/div>\n\t\t\t\t<\/div>\n\t\t\t\t<div class=\"elementor-element elementor-element-c9be577 elementor-widget elementor-widget-text-editor\" data-id=\"c9be577\" data-element_type=\"widget\" data-widget_type=\"text-editor.default\">\n\t\t\t\t<div class=\"elementor-widget-container\">\n\t\t\t<style>\/*! elementor - v3.5.6 - 28-02-2022 *\/\n.elementor-widget-text-editor.elementor-drop-cap-view-stacked .elementor-drop-cap{background-color:#818a91;color:#fff}.elementor-widget-text-editor.elementor-drop-cap-view-framed .elementor-drop-cap{color:#818a91;border:3px solid;background-color:transparent}.elementor-widget-text-editor:not(.elementor-drop-cap-view-default) .elementor-drop-cap{margin-top:8px}.elementor-widget-text-editor:not(.elementor-drop-cap-view-default) .elementor-drop-cap-letter{width:1em;height:1em}.elementor-widget-text-editor .elementor-drop-cap{float:left;text-align:center;line-height:1;font-size:50px}.elementor-widget-text-editor .elementor-drop-cap-letter{display:inline-block}<\/style>\t\t\t\t<p>Mot de notre DRH, Mr BENNACER\u00a0:\u00a0\u00ab\u00a0Notre politique RH accorde beaucoup d\u2019importance au d\u00e9veloppement des comp\u00e9tences, ses maitres mots en sont\u00a0: favoriser les parcours de carri\u00e8res, pratiquer l\u2019\u00e9coute et la reconnaissance tout en cultivant la fiert\u00e9 d\u2019appartenance et en valorisant l\u2019engagement des salari\u00e9s. Aussi, la politique RH du groupe HADJEB est fond\u00e9e sur la relation humaine, car travailler chez nous, c\u2019est partager\u00a0: des projets, des d\u00e9fis, des exp\u00e9riences, des id\u00e9es, des moments de convivialit\u00e9s mais aussi des interrogations, des difficult\u00e9s,\u00a0\u2026 Tout ce qui permet d\u2019\u00eatre plus efficace et plus fort \u00e0 plusieurs\u00a0!<br \/>Nos \u00e9quipes d\u00e9di\u00e9es RH et tous, nos managers, s\u2019investissent au quotidien afin de recruter, int\u00e9grer, accompagner et valoriser nos collaborateurs, dans des unit\u00e9s \u00e0 taille humaine\u00a0\u00bb.<\/p>\t\t\t\t\t\t<\/div>\n\t\t\t\t<\/div>\n\t\t\t\t\t<\/div>\n\t\t<\/div>\n\t\t\t\t\t\t\t<\/div>\n\t\t<\/section>\n\t\t\t\t<section class=\"elementor-section elementor-top-section elementor-element elementor-element-642dccd elementor-section-boxed elementor-section-height-default elementor-section-height-default\" data-id=\"642dccd\" data-element_type=\"section\">\n\t\t\t\t\t\t<div class=\"elementor-container elementor-column-gap-default\">\n\t\t\t\t\t<div class=\"elementor-column elementor-col-100 elementor-top-column elementor-element elementor-element-0797244\" data-id=\"0797244\" data-element_type=\"column\">\n\t\t\t<div class=\"elementor-widget-wrap elementor-element-populated\">\n\t\t\t\t\t\t\t\t<div class=\"elementor-element elementor-element-1b435dc elementor-widget elementor-widget-heading\" data-id=\"1b435dc\" data-element_type=\"widget\" data-widget_type=\"heading.default\">\n\t\t\t\t<div class=\"elementor-widget-container\">\n\t\t\t<h4 class=\"elementor-heading-title elementor-size-default\">Job offers<\/h4>\t\t<\/div>\n\t\t\t\t<\/div>\n\t\t\t\t<div class=\"elementor-element elementor-element-cd0cfe8 elementor-widget elementor-widget-accordion\" data-id=\"cd0cfe8\" data-element_type=\"widget\" data-widget_type=\"accordion.default\">\n\t\t\t\t<div class=\"elementor-widget-container\">\n\t\t\t<style>\/*! elementor - v3.5.6 - 28-02-2022 *\/\n.elementor-accordion{text-align:left}.elementor-accordion .elementor-accordion-item{border:1px solid #d4d4d4}.elementor-accordion .elementor-accordion-item+.elementor-accordion-item{border-top:none}.elementor-accordion .elementor-tab-title{margin:0;padding:15px 20px;font-weight:700;line-height:1;cursor:pointer;outline:none}.elementor-accordion .elementor-tab-title .elementor-accordion-icon{display:inline-block;width:1.5em}.elementor-accordion .elementor-tab-title .elementor-accordion-icon svg{width:1em;height:1em}.elementor-accordion .elementor-tab-title .elementor-accordion-icon.elementor-accordion-icon-right{float:right;text-align:right}.elementor-accordion .elementor-tab-title .elementor-accordion-icon.elementor-accordion-icon-left{float:left;text-align:left}.elementor-accordion .elementor-tab-title .elementor-accordion-icon .elementor-accordion-icon-closed{display:block}.elementor-accordion .elementor-tab-title .elementor-accordion-icon .elementor-accordion-icon-opened,.elementor-accordion .elementor-tab-title.elementor-active .elementor-accordion-icon-closed{display:none}.elementor-accordion .elementor-tab-title.elementor-active .elementor-accordion-icon-opened{display:block}.elementor-accordion .elementor-tab-content{display:none;padding:15px 20px;border-top:1px solid #d4d4d4}@media (max-width:767px){.elementor-accordion .elementor-tab-title{padding:12px 15px}.elementor-accordion .elementor-tab-title .elementor-accordion-icon{width:1.2em}.elementor-accordion .elementor-tab-content{padding:7px 15px}}<\/style>\t\t<div class=\"elementor-accordion\" role=\"tablist\">\n\t\t\t\t\t\t\t<div class=\"elementor-accordion-item\">\n\t\t\t\t\t<div id=\"elementor-tab-title-2151\" class=\"elementor-tab-title\" data-tab=\"1\" role=\"tab\" aria-controls=\"elementor-tab-content-2151\" aria-expanded=\"false\">\n\t\t\t\t\t\t\t\t\t\t\t\t\t<span class=\"elementor-accordion-icon elementor-accordion-icon-left\" aria-hidden=\"true\">\n\t\t\t\t\t\t\t\t\t\t\t\t\t\t\t<span class=\"elementor-accordion-icon-closed\"><i class=\"fas fa-plus\"><\/i><\/span>\n\t\t\t\t\t\t\t\t<span class=\"elementor-accordion-icon-opened\"><i class=\"fas fa-minus\"><\/i><\/span>\n\t\t\t\t\t\t\t\t\t\t\t\t\t\t<\/span>\n\t\t\t\t\t\t\t\t\t\t\t\t<a class=\"elementor-accordion-title\" href=\"\">RESPONSABLE COMMERCIAL<\/a>\n\t\t\t\t\t<\/div>\n\t\t\t\t\t<div id=\"elementor-tab-content-2151\" class=\"elementor-tab-content elementor-clearfix\" data-tab=\"1\" role=\"tabpanel\" aria-labelledby=\"elementor-tab-title-2151\"><div><p>Mission du poste\u00a0:<\/p><ul><li>\u00c9laborer la strat\u00e9gie commerciale et la mettre en \u0153uvre<\/li><li>D\u00e9finir les objectifs en mati\u00e8re de chiffre d&rsquo;affaires.<\/li><\/ul><p>* \u00c9laborer un plan d&rsquo;action pour assurer un d\u00e9ploiement efficace de la strat\u00e9gie commerciale. D\u00e9finir les moyens n\u00e9cessaires au d\u00e9veloppement de l&rsquo;offre commerciale de l&rsquo;entreprise.<\/p><ul><li>Analyser le march\u00e9 (initier et piloter des \u00e9tudes), ses tendances, les besoins du consommateur ainsi que l&rsquo;environnement concurrentiel.<\/li><li>Assurer les visites commerciales des clients ;<\/li><li>Assurer le segmentation du march\u00e9 et identification des cibles commerciales pertinentes<\/li><li>Consolider et analyser les performances des marques et pr\u00e9senter les r\u00e9sultats ;<\/li><li>R\u00e9pondre aux appels d&rsquo;offres de services et mener les n\u00e9gociations avec les clients.<\/li><li>G\u00e9rer le portefeuille grand compte, travailler \u00e0 son d\u00e9veloppement et fid\u00e9liser les clients \u00e0 haute valeur ajout\u00e9e.<\/li><li>D\u00e9veloppement des ventes et des produits<\/li><li>Pr\u00e9vision de vente sous l&rsquo;angle des objectifs fix\u00e9s<\/li><li>Veille commercial et remont\u00e9e des prix et des actualit\u00e9s du march\u00e9<\/li><li>Formalisation et remont\u00e9e des r\u00e9clamations clients<\/li><li>Gestion et prise en charge du portefeuille client<\/li><li>N\u00e9gociation des prix et concr\u00e9tisation de contrats<\/li><li>Suivi des demandes d\u2019offres<\/li><li>Recouvrement<\/li><\/ul><p>Profil recherch\u00e9\u00a0:<\/p><ul><li>Formation dans le domaine commercial<\/li><li>De solides bases en techniques de vente et marketing<\/li><li>Exp\u00e9rience de 2 \u00e0 5 ans dans un poste similaire (agroalimentaire)<\/li><li>Diplomatie, aisance relationnelle et persuasion<\/li><li>Bonnes comp\u00e9tences en communication<\/li><li>Capacit\u00e9 \u00e0 \u00e9tablir une collaboration durable avec les clients<\/li><li>Capacit\u00e9 \u00e0 se d\u00e9velopper chez les clients par l\u2019\u00e9largissement de la gamme<\/li><li>Capacit\u00e9 \u00e0 exercer la bonne pression commerciale pour atteindre les r\u00e9sultats escompt\u00e9s<\/li><li>Sens de la n\u00e9gociation<\/li><li>Force de proposition<\/li><\/ul><p>R\u00e9sider \u00e0 Tizi Ouzou ou environs<\/p><\/div><div><p><strong><span style=\"color: #00a459;\"><a style=\"color: #00a459;\" href=\"http:\/\/groupe-hadjeb.com\/en\/carrieres\/\">Apply here<\/a><\/span><\/strong><\/p><\/div><\/div>\n\t\t\t\t<\/div>\n\t\t\t\t\t\t\t<div class=\"elementor-accordion-item\">\n\t\t\t\t\t<div id=\"elementor-tab-title-2152\" class=\"elementor-tab-title\" data-tab=\"2\" role=\"tab\" aria-controls=\"elementor-tab-content-2152\" aria-expanded=\"false\">\n\t\t\t\t\t\t\t\t\t\t\t\t\t<span class=\"elementor-accordion-icon elementor-accordion-icon-left\" aria-hidden=\"true\">\n\t\t\t\t\t\t\t\t\t\t\t\t\t\t\t<span class=\"elementor-accordion-icon-closed\"><i class=\"fas fa-plus\"><\/i><\/span>\n\t\t\t\t\t\t\t\t<span class=\"elementor-accordion-icon-opened\"><i class=\"fas fa-minus\"><\/i><\/span>\n\t\t\t\t\t\t\t\t\t\t\t\t\t\t<\/span>\n\t\t\t\t\t\t\t\t\t\t\t\t<a class=\"elementor-accordion-title\" href=\"\">RESPONSABLE MARKETING <\/a>\n\t\t\t\t\t<\/div>\n\t\t\t\t\t<div id=\"elementor-tab-content-2152\" class=\"elementor-tab-content elementor-clearfix\" data-tab=\"2\" role=\"tabpanel\" aria-labelledby=\"elementor-tab-title-2152\"><p><strong><u>Missions du poste :<\/u><\/strong><\/p><ul><li>Participer \u00e0 l&rsquo;\u00e9laboration et \u00e0 la mise en \u0153uvre de la politique commerciale et marketing<\/li><li>D\u00e9velopper une strat\u00e9gie de communication et de promotion en collaboration avec les commerciaux<\/li><li>Analyser les statistiques de ventes et les \u00e9carts pr\u00e9visionnels\/r\u00e9alis\u00e9s, rep\u00e9rer les segments les plus rentables, proposer des actions de fid\u00e9lisation ou de relance<\/li><li>Assurer une veille marketing et d\u00e9velopper de nouvelles gammes \u2022 Elaborer, mettre en \u0153uvre ou am\u00e9liorer les m\u00e9thodes marketing<\/li><\/ul><p>D\u00e9finir l\u2019identit\u00e9 du produit, la strat\u00e9gie de communication, les conditions de lancement du produit, le placement produit, l\u2019image de marque.<\/p><ul><li>D\u00e9finir les objectifs, les indicateurs de performance et concevoir des tableaux de bord d\u2019activit\u00e9.<\/li><li>Analyser les ventes et les \u00e9carts pr\u00e9visionnels\/r\u00e9alis\u00e9s et proposer des actions de fid\u00e9lisation ou de relance.<\/li><li>Analyser les \u00e9volutions du march\u00e9 et en d\u00e9celer les opportunit\u00e9s.<\/li><li>D\u00e9velopper le site web et son actualisation<\/li><li>R\u00e9aliser des \u00e9tudes de march\u00e9s, des \u00e9tudes de concurrence<\/li><li>Former et informer l&rsquo;\u00e9quipe marketing et les attach\u00e9s commerciaux<\/li><\/ul><p><strong><u>Profil recherch\u00e9 :<\/u><\/strong><\/p><ul><li>Titulaire de dipl\u00f4me universitaire en commerce, marketing ou titre reconnu \u00e9quivalant<\/li><li>2 \u00e0 5 ans d&rsquo;exp\u00e9rience dans un post similaire (agroalimentaire)<\/li><li>Ma\u00eetrise les logiciels bureautiques et la gestion des sites web, infographie, r\u00e9seaux sociaux et mailing<\/li><li>Bonne ma\u00eetrise des langues \u00e9trang\u00e8res (Fran\u00e7ais, Anglais souhait\u00e9).<\/li><li>Avoir des connaissances techniques des produits alimentaires<\/li><li>Cr\u00e9ativit\u00e9, curiosit\u00e9, qualit\u00e9 d&rsquo;analyse, force de proposition, bon relationnel et diplomatie.<\/li><\/ul><p>Avoir le sens de responsabilit\u00e9s et aimer travailler en \u00e9quipe<\/p><p>&#8212;&#8211; R\u00e9sider \u00e0 Tizi Ouzou ou environs<\/p><p><strong><span style=\"color: #00a459;\"><a style=\"color: #00a459;\" href=\"http:\/\/groupe-hadjeb.com\/en\/carrieres\/\">Apply here<\/a><\/span><\/strong><\/p><\/div>\n\t\t\t\t<\/div>\n\t\t\t\t\t\t\t<div class=\"elementor-accordion-item\">\n\t\t\t\t\t<div id=\"elementor-tab-title-2153\" class=\"elementor-tab-title\" data-tab=\"3\" role=\"tab\" aria-controls=\"elementor-tab-content-2153\" aria-expanded=\"false\">\n\t\t\t\t\t\t\t\t\t\t\t\t\t<span class=\"elementor-accordion-icon elementor-accordion-icon-left\" aria-hidden=\"true\">\n\t\t\t\t\t\t\t\t\t\t\t\t\t\t\t<span class=\"elementor-accordion-icon-closed\"><i class=\"fas fa-plus\"><\/i><\/span>\n\t\t\t\t\t\t\t\t<span class=\"elementor-accordion-icon-opened\"><i class=\"fas fa-minus\"><\/i><\/span>\n\t\t\t\t\t\t\t\t\t\t\t\t\t\t<\/span>\n\t\t\t\t\t\t\t\t\t\t\t\t<a class=\"elementor-accordion-title\" href=\"\">RESPONSABLE GRANDS COMPTES<\/a>\n\t\t\t\t\t<\/div>\n\t\t\t\t\t<div id=\"elementor-tab-content-2153\" class=\"elementor-tab-content elementor-clearfix\" data-tab=\"3\" role=\"tabpanel\" aria-labelledby=\"elementor-tab-title-2153\"><p><strong>Missions du poste:<\/strong><\/p><p style=\"margin: 0cm; margin-bottom: .0001pt;\">\u00c9laborer la strat\u00e9gie commerciale et la mettre en \u0153uvre<br \/>G\u00e9rer le portefeuille grand compte, travailler \u00e0 son d\u00e9veloppement et<br \/>fid\u00e9liser les clients \u00e0 haute valeur ajout\u00e9e.<br \/>D\u00e9finir les objectifs en mati\u00e8re de chiffre d&rsquo;affaires.<\/p><p style=\"margin: 0cm; margin-bottom: .0001pt;\">\u00c9laborer un plan d&rsquo;action pour assurer un d\u00e9ploiement efficace de la strat\u00e9gie<br \/>commerciale.<\/p><p style=\"margin: 0cm; margin-bottom: .0001pt;\">D\u00e9finir les moyens n\u00e9cessaires au d\u00e9veloppement de l&rsquo;offre<br \/>commerciale de l&rsquo;entreprise.<br \/>R\u00e9pondre aux appels d&rsquo;offres de services et mener les n\u00e9gociations avec<br \/>les clients.<br \/>D\u00e9finition des orientations strat\u00e9giques de marques (court et moyen<br \/>terme)<br \/>Analyser le march\u00e9 (initier et piloter des \u00e9tudes), ses tendances, les<br \/>besoins du consommateur ainsi que l&rsquo;environnement concurrentiel.<br \/>Consolider et analyser les performances des marques et pr\u00e9senter les r\u00e9sultats ;<br \/><br \/><strong>Profil recherch\u00e9 :<\/strong><br \/>\u00catre titulaire d&rsquo;un dipl\u00f4me Bac +3\/4\/5 sciences commerciales marketing<br \/>Avoir une expertise de 03 a 05 ann\u00e9es dans un poste similaire de<br \/>pr\u00e9f\u00e9rence dans l&rsquo;agroalimentaire<br \/>Avoir une maitrise av\u00e9rer des techniques de n\u00e9gociation, technique<br \/>commerciales et principales de la relation client avoir un sens de la<br \/>communication et maitrise des langues de travail (arabe et Fran\u00e7ais et<br \/>anglais)<br \/>Une bonne ma\u00eetrise de l&rsquo;outil informatique<br \/>Vos valeurs humaines vous permettront de bien vous int\u00e9grer dans la<br \/>culture du groupe.<br \/>R\u00e9sider \u00e0 Tizi Ouzou ou environs.<\/p><\/div>\n\t\t\t\t<\/div>\n\t\t\t\t\t\t\t\t<\/div>\n\t\t\t\t<\/div>\n\t\t\t\t<\/div>\n\t\t\t\t\t<\/div>\n\t\t<\/div>\n\t\t\t\t\t\t\t<\/div>\n\t\t<\/section>\n\t\t\t\t<section class=\"elementor-section elementor-top-section elementor-element elementor-element-e056067 elementor-section-boxed elementor-section-height-default elementor-section-height-default\" data-id=\"e056067\" data-element_type=\"section\">\n\t\t\t\t\t\t<div class=\"elementor-container elementor-column-gap-default\">\n\t\t\t\t\t<div class=\"elementor-column elementor-col-100 elementor-top-column elementor-element elementor-element-a2dcb59\" data-id=\"a2dcb59\" data-element_type=\"column\">\n\t\t\t<div class=\"elementor-widget-wrap elementor-element-populated\">\n\t\t\t\t\t\t\t\t<div class=\"elementor-element elementor-element-09df624 elementor-widget elementor-widget-spacer\" data-id=\"09df624\" data-element_type=\"widget\" data-widget_type=\"spacer.default\">\n\t\t\t\t<div class=\"elementor-widget-container\">\n\t\t\t\t\t<div class=\"elementor-spacer\">\n\t\t\t<div class=\"elementor-spacer-inner\"><\/div>\n\t\t<\/div>\n\t\t\t\t<\/div>\n\t\t\t\t<\/div>\n\t\t\t\t\t<\/div>\n\t\t<\/div>\n\t\t\t\t\t\t\t<\/div>\n\t\t<\/section>\n\t\t\t\t\t\t<\/div>\n\t\t\t\t\t<\/div>","protected":false},"excerpt":{"rendered":"<p>Offres d&#8217;emploi Politique RH Mot de notre DRH, Mr BENNACER\u00a0:\u00a0\u00ab\u00a0Notre politique RH accorde beaucoup d\u2019importance au d\u00e9veloppement des comp\u00e9tences, ses maitres mots en sont\u00a0: favoriser les parcours de carri\u00e8res, pratiquer&hellip;<\/p>\n<p> <a class=\"more-link\" href=\"http:\/\/groupe-hadjeb.com\/en\/offres-demploi\/\">Read more<\/a><\/p>","protected":false},"author":1,"featured_media":11542,"parent":0,"menu_order":0,"comment_status":"closed","ping_status":"closed","template":"","meta":[],"yoast_head":"<!-- This site is optimized with the Yoast SEO plugin v18.2 - https:\/\/yoast.com\/wordpress\/plugins\/seo\/ -->\n<title>Offres d&#039;emploi - Groupe Hadjeb<\/title>\n<meta name=\"description\" content=\"Nos \u00e9quipes d\u00e9di\u00e9es RH et tous, nos managers, s\u2019investissent au quotidien afin de recruter, int\u00e9grer, accompagner et valoriser nos collaborateurs, dans des unit\u00e9s \u00e0 taille humaine\" \/>\n<meta name=\"robots\" content=\"index, follow, max-snippet:-1, max-image-preview:large, max-video-preview:-1\" \/>\n<link rel=\"canonical\" href=\"http:\/\/groupe-hadjeb.com\/en\/offres-demploi\/\" \/>\n<meta property=\"og:locale\" content=\"en_GB\" \/>\n<meta property=\"og:type\" content=\"article\" \/>\n<meta property=\"og:title\" content=\"Offres d&#039;emploi - Groupe Hadjeb\" \/>\n<meta property=\"og:description\" content=\"Nos \u00e9quipes d\u00e9di\u00e9es RH et tous, nos managers, s\u2019investissent au quotidien afin de recruter, int\u00e9grer, accompagner et valoriser nos collaborateurs, dans des unit\u00e9s \u00e0 taille humaine\" \/>\n<meta property=\"og:url\" content=\"http:\/\/groupe-hadjeb.com\/en\/offres-demploi\/\" \/>\n<meta property=\"og:site_name\" content=\"Groupe Hadjeb\" \/>\n<meta property=\"article:modified_time\" content=\"2022-05-24T14:33:51+00:00\" \/>\n<meta property=\"og:image\" content=\"http:\/\/groupe-hadjeb.com\/wp-content\/uploads\/2018\/02\/cropps-BG2.jpg\" \/>\n\t<meta property=\"og:image:width\" content=\"2000\" \/>\n\t<meta property=\"og:image:height\" content=\"1036\" \/>\n\t<meta property=\"og:image:type\" content=\"image\/jpeg\" \/>\n<meta name=\"twitter:card\" content=\"summary_large_image\" \/>\n<meta name=\"twitter:label1\" content=\"Estimated reading time\" \/>\n\t<meta name=\"twitter:data1\" content=\"5 minutes\" \/>\n<script type=\"application\/ld+json\" class=\"yoast-schema-graph\">{\"@context\":\"https:\/\/schema.org\",\"@graph\":[{\"@type\":\"WebSite\",\"@id\":\"https:\/\/groupe-hadjeb.com\/en\/#website\",\"url\":\"https:\/\/groupe-hadjeb.com\/en\/\",\"name\":\"Groupe Hadjeb\",\"description\":\"\",\"potentialAction\":[{\"@type\":\"SearchAction\",\"target\":{\"@type\":\"EntryPoint\",\"urlTemplate\":\"https:\/\/groupe-hadjeb.com\/en\/?s={search_term_string}\"},\"query-input\":\"required name=search_term_string\"}],\"inLanguage\":\"en-GB\"},{\"@type\":\"ImageObject\",\"@id\":\"http:\/\/groupe-hadjeb.com\/offres-demploi\/#primaryimage\",\"inLanguage\":\"en-GB\",\"url\":\"http:\/\/groupe-hadjeb.com\/wp-content\/uploads\/2018\/02\/cropps-BG2.jpg\",\"contentUrl\":\"http:\/\/groupe-hadjeb.com\/wp-content\/uploads\/2018\/02\/cropps-BG2.jpg\",\"width\":2000,\"height\":1036},{\"@type\":\"WebPage\",\"@id\":\"http:\/\/groupe-hadjeb.com\/offres-demploi\/#webpage\",\"url\":\"http:\/\/groupe-hadjeb.com\/offres-demploi\/\",\"name\":\"Offres d'emploi - Groupe Hadjeb\",\"isPartOf\":{\"@id\":\"https:\/\/groupe-hadjeb.com\/en\/#website\"},\"primaryImageOfPage\":{\"@id\":\"http:\/\/groupe-hadjeb.com\/offres-demploi\/#primaryimage\"},\"datePublished\":\"2022-03-27T15:11:00+00:00\",\"dateModified\":\"2022-05-24T14:33:51+00:00\",\"description\":\"Nos \u00e9quipes d\u00e9di\u00e9es RH et tous, nos managers, s\u2019investissent au quotidien afin de recruter, int\u00e9grer, accompagner et valoriser nos collaborateurs, dans des unit\u00e9s \u00e0 taille humaine\",\"breadcrumb\":{\"@id\":\"http:\/\/groupe-hadjeb.com\/offres-demploi\/#breadcrumb\"},\"inLanguage\":\"en-GB\",\"potentialAction\":[{\"@type\":\"ReadAction\",\"target\":[\"http:\/\/groupe-hadjeb.com\/offres-demploi\/\"]}]},{\"@type\":\"BreadcrumbList\",\"@id\":\"http:\/\/groupe-hadjeb.com\/offres-demploi\/#breadcrumb\",\"itemListElement\":[{\"@type\":\"ListItem\",\"position\":1,\"name\":\"Accueil\",\"item\":\"https:\/\/groupe-hadjeb.com\/en\/\"},{\"@type\":\"ListItem\",\"position\":2,\"name\":\"Offres d&#8217;emploi\"}]}]}<\/script>\n<!-- \/ Yoast SEO plugin. -->","yoast_head_json":{"title":"Offres d'emploi - Groupe Hadjeb","description":"Nos \u00e9quipes d\u00e9di\u00e9es RH et tous, nos managers, s\u2019investissent au quotidien afin de recruter, int\u00e9grer, accompagner et valoriser nos collaborateurs, dans des unit\u00e9s \u00e0 taille humaine","robots":{"index":"index","follow":"follow","max-snippet":"max-snippet:-1","max-image-preview":"max-image-preview:large","max-video-preview":"max-video-preview:-1"},"canonical":"http:\/\/groupe-hadjeb.com\/en\/offres-demploi\/","og_locale":"en_GB","og_type":"article","og_title":"Offres d'emploi - Groupe Hadjeb","og_description":"Nos \u00e9quipes d\u00e9di\u00e9es RH et tous, nos managers, s\u2019investissent au quotidien afin de recruter, int\u00e9grer, accompagner et valoriser nos collaborateurs, dans des unit\u00e9s \u00e0 taille humaine","og_url":"http:\/\/groupe-hadjeb.com\/en\/offres-demploi\/","og_site_name":"Groupe Hadjeb","article_modified_time":"2022-05-24T14:33:51+00:00","og_image":[{"width":2000,"height":1036,"url":"http:\/\/groupe-hadjeb.com\/wp-content\/uploads\/2018\/02\/cropps-BG2.jpg","type":"image\/jpeg"}],"twitter_card":"summary_large_image","twitter_misc":{"Estimated reading time":"5 minutes"},"schema":{"@context":"https:\/\/schema.org","@graph":[{"@type":"WebSite","@id":"https:\/\/groupe-hadjeb.com\/en\/#website","url":"https:\/\/groupe-hadjeb.com\/en\/","name":"Groupe Hadjeb","description":"","potentialAction":[{"@type":"SearchAction","target":{"@type":"EntryPoint","urlTemplate":"https:\/\/groupe-hadjeb.com\/en\/?s={search_term_string}"},"query-input":"required name=search_term_string"}],"inLanguage":"en-GB"},{"@type":"ImageObject","@id":"http:\/\/groupe-hadjeb.com\/offres-demploi\/#primaryimage","inLanguage":"en-GB","url":"http:\/\/groupe-hadjeb.com\/wp-content\/uploads\/2018\/02\/cropps-BG2.jpg","contentUrl":"http:\/\/groupe-hadjeb.com\/wp-content\/uploads\/2018\/02\/cropps-BG2.jpg","width":2000,"height":1036},{"@type":"WebPage","@id":"http:\/\/groupe-hadjeb.com\/offres-demploi\/#webpage","url":"http:\/\/groupe-hadjeb.com\/offres-demploi\/","name":"Offres d'emploi - Groupe Hadjeb","isPartOf":{"@id":"https:\/\/groupe-hadjeb.com\/en\/#website"},"primaryImageOfPage":{"@id":"http:\/\/groupe-hadjeb.com\/offres-demploi\/#primaryimage"},"datePublished":"2022-03-27T15:11:00+00:00","dateModified":"2022-05-24T14:33:51+00:00","description":"Nos \u00e9quipes d\u00e9di\u00e9es RH et tous, nos managers, s\u2019investissent au quotidien afin de recruter, int\u00e9grer, accompagner et valoriser nos collaborateurs, dans des unit\u00e9s \u00e0 taille humaine","breadcrumb":{"@id":"http:\/\/groupe-hadjeb.com\/offres-demploi\/#breadcrumb"},"inLanguage":"en-GB","potentialAction":[{"@type":"ReadAction","target":["http:\/\/groupe-hadjeb.com\/offres-demploi\/"]}]},{"@type":"BreadcrumbList","@id":"http:\/\/groupe-hadjeb.com\/offres-demploi\/#breadcrumb","itemListElement":[{"@type":"ListItem","position":1,"name":"Accueil","item":"https:\/\/groupe-hadjeb.com\/en\/"},{"@type":"ListItem","position":2,"name":"Offres d&#8217;emploi"}]}]}},"_links":{"self":[{"href":"http:\/\/groupe-hadjeb.com\/en\/wp-json\/wp\/v2\/pages\/12869"}],"collection":[{"href":"http:\/\/groupe-hadjeb.com\/en\/wp-json\/wp\/v2\/pages"}],"about":[{"href":"http:\/\/groupe-hadjeb.com\/en\/wp-json\/wp\/v2\/types\/page"}],"author":[{"embeddable":true,"href":"http:\/\/groupe-hadjeb.com\/en\/wp-json\/wp\/v2\/users\/1"}],"replies":[{"embeddable":true,"href":"http:\/\/groupe-hadjeb.com\/en\/wp-json\/wp\/v2\/comments?post=12869"}],"version-history":[{"count":35,"href":"http:\/\/groupe-hadjeb.com\/en\/wp-json\/wp\/v2\/pages\/12869\/revisions"}],"predecessor-version":[{"id":13158,"href":"http:\/\/groupe-hadjeb.com\/en\/wp-json\/wp\/v2\/pages\/12869\/revisions\/13158"}],"wp:featuredmedia":[{"embeddable":true,"href":"http:\/\/groupe-hadjeb.com\/en\/wp-json\/wp\/v2\/media\/11542"}],"wp:attachment":[{"href":"http:\/\/groupe-hadjeb.com\/en\/wp-json\/wp\/v2\/media?parent=12869"}],"curies":[{"name":"wp","href":"https:\/\/api.w.org\/{rel}","templated":true}]}}